{"id":26,"date":"2021-12-23T14:03:26","date_gmt":"2021-12-23T13:03:26","guid":{"rendered":"http:\/\/pointdevue.pro\/?page_id=26"},"modified":"2023-11-23T17:23:13","modified_gmt":"2023-11-23T16:23:13","slug":"service-1","status":"publish","type":"page","link":"https:\/\/pointdevue.pro\/index.php\/service-1\/","title":{"rendered":"Sensibiliser"},"content":{"rendered":"\n<h2 class=\"wp-block-heading\">Les conf\u00e9rences<\/h2>\n\n\n\n<figure class=\"wp-block-video\"><\/figure>\n\n\n\n<figure class=\"wp-block-embed is-type-video is-provider-youtube wp-block-embed-youtube wp-embed-aspect-16-9 wp-has-aspect-ratio\"><div class=\"wp-block-embed__wrapper\">\n<iframe loading=\"lazy\" title=\"D\u00e9couvrez Eric Payan, son parcours, son handicap et sa vision sur la formation CPHTI\" width=\"640\" height=\"360\" src=\"https:\/\/www.youtube.com\/embed\/SupqkCVED0U?feature=oembed\" frameborder=\"0\" allow=\"accelerometer; autoplay; clipboard-write; encrypted-media; gyroscope; picture-in-picture; web-share\" referrerpolicy=\"strict-origin-when-cross-origin\" allowfullscreen><\/iframe>\n<\/div><\/figure>\n\n\n\n<h2 class=\"wp-block-heading\">    <strong><mark style=\"background-color:#ff3846;color:#eff5f4\" class=\"has-inline-color\">TEDx<\/mark><\/strong><\/h2>\n\n\n\n<p>Pendant que vous regardez cette vid\u00e9o, posez vous la question : Sommes nous tous capables de nous d\u00e9passer  ou pas?<\/p>\n\n\n\n<figure class=\"wp-block-video\"><video height=\"720\" style=\"aspect-ratio: 1280 \/ 720;\" width=\"1280\" controls src=\"https:\/\/pointdevue.pro\/wp-content\/uploads\/2022\/03\/5e-edition-du-TEDxUniversiteLyon3-_-Roi-de-la-Jungle.mp4\"><\/video><\/figure>\n\n\n\n<p>Le pouvoir des mots&#8230;<br>La force de l&rsquo;exp\u00e9rience, l&rsquo;envie de transmettre et de faire prendre conscience aux dirigeants d&rsquo;entreprises qu&rsquo;ils peuvent oser recruter des personnes vivant avec un handicap.<br>Voici le th\u00e8me principal de la conf\u00e9rence <strong><em>\u00ab\u00a0Loyal, fid\u00e8le, motiv\u00e9 et engag\u00e9\u00a0\u00bb<\/em><\/strong> de Eric Payan.<\/p>\n\n\n\n<p>Les conf\u00e9rences de Eric Payan : Des invitations \u00e0 la r\u00e9flexion sur le r\u00f4le soci\u00e9tal de vos entreprises, des invitations au <strong><em>\u00ab\u00a0D\u00e9passement de soi\u00a0\u00bb<\/em><\/strong>  de vos collaborateurs.trices.   <br><br><\/p>\n\n\n\n<figure class=\"wp-block-embed is-type-video is-provider-youtube wp-block-embed-youtube wp-embed-aspect-16-9 wp-has-aspect-ratio\"><div class=\"wp-block-embed__wrapper\">\n<iframe loading=\"lazy\" title=\"C votre emploi Lyon: l&#039;\u00e9mission du 13\/10 avec Eric Payan et Emmanuel Le Goff\" width=\"640\" height=\"360\" src=\"https:\/\/www.youtube.com\/embed\/GPiDIsqXcUk?feature=oembed\" frameborder=\"0\" allow=\"accelerometer; autoplay; clipboard-write; encrypted-media; gyroscope; picture-in-picture; web-share\" referrerpolicy=\"strict-origin-when-cross-origin\" allowfullscreen><\/iframe>\n<\/div><\/figure>\n\n\n\n<h2 class=\"wp-block-heading\">A lire absolument <\/h2>\n\n\n\n<figure class=\"wp-block-image size-full\"><img loading=\"lazy\" decoding=\"async\" width=\"800\" height=\"800\" src=\"https:\/\/pointdevue.pro\/wp-content\/uploads\/2022\/01\/regarder-sans-voir-eric-payan-annelise-guerend-levin.jpg\" alt=\"\" class=\"wp-image-51\" srcset=\"https:\/\/pointdevue.pro\/wp-content\/uploads\/2022\/01\/regarder-sans-voir-eric-payan-annelise-guerend-levin.jpg 800w, https:\/\/pointdevue.pro\/wp-content\/uploads\/2022\/01\/regarder-sans-voir-eric-payan-annelise-guerend-levin-300x300.jpg 300w, https:\/\/pointdevue.pro\/wp-content\/uploads\/2022\/01\/regarder-sans-voir-eric-payan-annelise-guerend-levin-100x100.jpg 100w, https:\/\/pointdevue.pro\/wp-content\/uploads\/2022\/01\/regarder-sans-voir-eric-payan-annelise-guerend-levin-600x600.jpg 600w, https:\/\/pointdevue.pro\/wp-content\/uploads\/2022\/01\/regarder-sans-voir-eric-payan-annelise-guerend-levin-150x150.jpg 150w, https:\/\/pointdevue.pro\/wp-content\/uploads\/2022\/01\/regarder-sans-voir-eric-payan-annelise-guerend-levin-768x768.jpg 768w\" sizes=\"auto, (max-width: 800px) 100vw, 800px\" \/><\/figure>\n\n\n\n<p><a href=\"https:\/\/livre.fnac.com\/a15974311\/Eric-Payan-Regarder-sans-voirre.fnac.com\/a15974311\/Eric-Payan-Regarder-sans-voir\">https:\/\/livre.fnac.com\/a15974311\/Eric-Payan-Regarder-sans-voirre.fnac.com\/a15974311\/Eric-Payan-Regarder-sans-voir<\/a><\/p>\n","protected":false},"excerpt":{"rendered":"<p>Les conf\u00e9rences TEDx Pendant que vous regardez cette vid\u00e9o, posez vous la question : Sommes nous tous capables de nous d\u00e9passer ou pas? Le pouvoir des mots&#8230;La force de l&rsquo;exp\u00e9rience, l&rsquo;envie de transmettre et de faire prendre conscience aux dirigeants d&rsquo;entreprises qu&rsquo;ils peuvent oser recruter des personnes vivant avec un [&hellip;]<\/p>\n","protected":false},"author":2,"featured_media":0,"parent":0,"menu_order":3,"comment_status":"closed","ping_status":"closed","template":"","meta":{"footnotes":""},"class_list":["post-26","page","type-page","status-publish","hentry"],"yoast_head":"<!-- This site is optimized with the Yoast SEO plugin v27.4 - https:\/\/yoast.com\/product\/yoast-seo-wordpress\/ -->\n<title>Sensibiliser - Point de vue<\/title>\n<meta name=\"robots\" content=\"index, follow, max-snippet:-1, max-image-preview:large, max-video-preview:-1\" \/>\n<link rel=\"canonical\" href=\"https:\/\/pointdevue.pro\/index.php\/service-1\/\" \/>\n<meta property=\"og:locale\" content=\"fr_FR\" \/>\n<meta property=\"og:type\" content=\"article\" \/>\n<meta property=\"og:title\" content=\"Sensibiliser - Point de vue\" \/>\n<meta property=\"og:description\" content=\"Les conf\u00e9rences TEDx Pendant que vous regardez cette vid\u00e9o, posez vous la question : Sommes nous tous capables de nous d\u00e9passer ou pas? Le pouvoir des mots&#8230;La force de l&rsquo;exp\u00e9rience, l&rsquo;envie de transmettre et de faire prendre conscience aux dirigeants d&rsquo;entreprises qu&rsquo;ils peuvent oser recruter des personnes vivant avec un [&hellip;]\" \/>\n<meta property=\"og:url\" content=\"https:\/\/pointdevue.pro\/index.php\/service-1\/\" \/>\n<meta property=\"og:site_name\" content=\"Point de vue\" \/>\n<meta property=\"article:modified_time\" content=\"2023-11-23T16:23:13+00:00\" \/>\n<meta property=\"og:image\" content=\"http:\/\/pointdevue.pro\/wp-content\/uploads\/2022\/01\/regarder-sans-voir-eric-payan-annelise-guerend-levin.jpg\" \/>\n<meta name=\"twitter:card\" content=\"summary_large_image\" \/>\n<meta name=\"twitter:label1\" content=\"Dur\u00e9e de lecture estim\u00e9e\" \/>\n\t<meta name=\"twitter:data1\" content=\"1 minute\" \/>\n<script type=\"application\/ld+json\" class=\"yoast-schema-graph\">{\"@context\":\"https:\\\/\\\/schema.org\",\"@graph\":[{\"@type\":\"WebPage\",\"@id\":\"https:\\\/\\\/pointdevue.pro\\\/index.php\\\/service-1\\\/\",\"url\":\"https:\\\/\\\/pointdevue.pro\\\/index.php\\\/service-1\\\/\",\"name\":\"Sensibiliser - Point de vue\",\"isPartOf\":{\"@id\":\"https:\\\/\\\/pointdevue.pro\\\/#website\"},\"primaryImageOfPage\":{\"@id\":\"https:\\\/\\\/pointdevue.pro\\\/index.php\\\/service-1\\\/#primaryimage\"},\"image\":{\"@id\":\"https:\\\/\\\/pointdevue.pro\\\/index.php\\\/service-1\\\/#primaryimage\"},\"thumbnailUrl\":\"http:\\\/\\\/pointdevue.pro\\\/wp-content\\\/uploads\\\/2022\\\/01\\\/regarder-sans-voir-eric-payan-annelise-guerend-levin.jpg\",\"datePublished\":\"2021-12-23T13:03:26+00:00\",\"dateModified\":\"2023-11-23T16:23:13+00:00\",\"breadcrumb\":{\"@id\":\"https:\\\/\\\/pointdevue.pro\\\/index.php\\\/service-1\\\/#breadcrumb\"},\"inLanguage\":\"fr-FR\",\"potentialAction\":[{\"@type\":\"ReadAction\",\"target\":[\"https:\\\/\\\/pointdevue.pro\\\/index.php\\\/service-1\\\/\"]}]},{\"@type\":\"ImageObject\",\"inLanguage\":\"fr-FR\",\"@id\":\"https:\\\/\\\/pointdevue.pro\\\/index.php\\\/service-1\\\/#primaryimage\",\"url\":\"https:\\\/\\\/pointdevue.pro\\\/wp-content\\\/uploads\\\/2022\\\/01\\\/regarder-sans-voir-eric-payan-annelise-guerend-levin.jpg\",\"contentUrl\":\"https:\\\/\\\/pointdevue.pro\\\/wp-content\\\/uploads\\\/2022\\\/01\\\/regarder-sans-voir-eric-payan-annelise-guerend-levin.jpg\",\"width\":800,\"height\":800},{\"@type\":\"BreadcrumbList\",\"@id\":\"https:\\\/\\\/pointdevue.pro\\\/index.php\\\/service-1\\\/#breadcrumb\",\"itemListElement\":[{\"@type\":\"ListItem\",\"position\":1,\"name\":\"Accueil\",\"item\":\"https:\\\/\\\/pointdevue.pro\\\/\"},{\"@type\":\"ListItem\",\"position\":2,\"name\":\"Sensibiliser\"}]},{\"@type\":\"WebSite\",\"@id\":\"https:\\\/\\\/pointdevue.pro\\\/#website\",\"url\":\"https:\\\/\\\/pointdevue.pro\\\/\",\"name\":\"Point de vue\",\"description\":\"Une nouvelle vision pour l&#039;inclusion\",\"publisher\":{\"@id\":\"https:\\\/\\\/pointdevue.pro\\\/#organization\"},\"potentialAction\":[{\"@type\":\"SearchAction\",\"target\":{\"@type\":\"EntryPoint\",\"urlTemplate\":\"https:\\\/\\\/pointdevue.pro\\\/?s={search_term_string}\"},\"query-input\":{\"@type\":\"PropertyValueSpecification\",\"valueRequired\":true,\"valueName\":\"search_term_string\"}}],\"inLanguage\":\"fr-FR\"},{\"@type\":\"Organization\",\"@id\":\"https:\\\/\\\/pointdevue.pro\\\/#organization\",\"name\":\"Point de vue\",\"alternateName\":\"Eric Payan\",\"url\":\"https:\\\/\\\/pointdevue.pro\\\/\",\"logo\":{\"@type\":\"ImageObject\",\"inLanguage\":\"fr-FR\",\"@id\":\"https:\\\/\\\/pointdevue.pro\\\/#\\\/schema\\\/logo\\\/image\\\/\",\"url\":\"https:\\\/\\\/pointdevue.pro\\\/wp-content\\\/uploads\\\/2022\\\/01\\\/EPN.JPG.jpg\",\"contentUrl\":\"https:\\\/\\\/pointdevue.pro\\\/wp-content\\\/uploads\\\/2022\\\/01\\\/EPN.JPG.jpg\",\"width\":1280,\"height\":853,\"caption\":\"Point de vue\"},\"image\":{\"@id\":\"https:\\\/\\\/pointdevue.pro\\\/#\\\/schema\\\/logo\\\/image\\\/\"},\"sameAs\":[\"https:\\\/\\\/www.linkedin.com\\\/in\\\/eric-payan-9365041\\\/\"]}]}<\/script>\n<!-- \/ Yoast SEO plugin. -->","yoast_head_json":{"title":"Sensibiliser - Point de vue","robots":{"index":"index","follow":"follow","max-snippet":"max-snippet:-1","max-image-preview":"max-image-preview:large","max-video-preview":"max-video-preview:-1"},"canonical":"https:\/\/pointdevue.pro\/index.php\/service-1\/","og_locale":"fr_FR","og_type":"article","og_title":"Sensibiliser - Point de vue","og_description":"Les conf\u00e9rences TEDx Pendant que vous regardez cette vid\u00e9o, posez vous la question : Sommes nous tous capables de nous d\u00e9passer ou pas? Le pouvoir des mots&#8230;La force de l&rsquo;exp\u00e9rience, l&rsquo;envie de transmettre et de faire prendre conscience aux dirigeants d&rsquo;entreprises qu&rsquo;ils peuvent oser recruter des personnes vivant avec un [&hellip;]","og_url":"https:\/\/pointdevue.pro\/index.php\/service-1\/","og_site_name":"Point de vue","article_modified_time":"2023-11-23T16:23:13+00:00","og_image":[{"url":"http:\/\/pointdevue.pro\/wp-content\/uploads\/2022\/01\/regarder-sans-voir-eric-payan-annelise-guerend-levin.jpg","type":"","width":"","height":""}],"twitter_card":"summary_large_image","twitter_misc":{"Dur\u00e9e de lecture estim\u00e9e":"1 minute"},"schema":{"@context":"https:\/\/schema.org","@graph":[{"@type":"WebPage","@id":"https:\/\/pointdevue.pro\/index.php\/service-1\/","url":"https:\/\/pointdevue.pro\/index.php\/service-1\/","name":"Sensibiliser - Point de vue","isPartOf":{"@id":"https:\/\/pointdevue.pro\/#website"},"primaryImageOfPage":{"@id":"https:\/\/pointdevue.pro\/index.php\/service-1\/#primaryimage"},"image":{"@id":"https:\/\/pointdevue.pro\/index.php\/service-1\/#primaryimage"},"thumbnailUrl":"http:\/\/pointdevue.pro\/wp-content\/uploads\/2022\/01\/regarder-sans-voir-eric-payan-annelise-guerend-levin.jpg","datePublished":"2021-12-23T13:03:26+00:00","dateModified":"2023-11-23T16:23:13+00:00","breadcrumb":{"@id":"https:\/\/pointdevue.pro\/index.php\/service-1\/#breadcrumb"},"inLanguage":"fr-FR","potentialAction":[{"@type":"ReadAction","target":["https:\/\/pointdevue.pro\/index.php\/service-1\/"]}]},{"@type":"ImageObject","inLanguage":"fr-FR","@id":"https:\/\/pointdevue.pro\/index.php\/service-1\/#primaryimage","url":"https:\/\/pointdevue.pro\/wp-content\/uploads\/2022\/01\/regarder-sans-voir-eric-payan-annelise-guerend-levin.jpg","contentUrl":"https:\/\/pointdevue.pro\/wp-content\/uploads\/2022\/01\/regarder-sans-voir-eric-payan-annelise-guerend-levin.jpg","width":800,"height":800},{"@type":"BreadcrumbList","@id":"https:\/\/pointdevue.pro\/index.php\/service-1\/#breadcrumb","itemListElement":[{"@type":"ListItem","position":1,"name":"Accueil","item":"https:\/\/pointdevue.pro\/"},{"@type":"ListItem","position":2,"name":"Sensibiliser"}]},{"@type":"WebSite","@id":"https:\/\/pointdevue.pro\/#website","url":"https:\/\/pointdevue.pro\/","name":"Point de vue","description":"Une nouvelle vision pour l&#039;inclusion","publisher":{"@id":"https:\/\/pointdevue.pro\/#organization"},"potentialAction":[{"@type":"SearchAction","target":{"@type":"EntryPoint","urlTemplate":"https:\/\/pointdevue.pro\/?s={search_term_string}"},"query-input":{"@type":"PropertyValueSpecification","valueRequired":true,"valueName":"search_term_string"}}],"inLanguage":"fr-FR"},{"@type":"Organization","@id":"https:\/\/pointdevue.pro\/#organization","name":"Point de vue","alternateName":"Eric Payan","url":"https:\/\/pointdevue.pro\/","logo":{"@type":"ImageObject","inLanguage":"fr-FR","@id":"https:\/\/pointdevue.pro\/#\/schema\/logo\/image\/","url":"https:\/\/pointdevue.pro\/wp-content\/uploads\/2022\/01\/EPN.JPG.jpg","contentUrl":"https:\/\/pointdevue.pro\/wp-content\/uploads\/2022\/01\/EPN.JPG.jpg","width":1280,"height":853,"caption":"Point de vue"},"image":{"@id":"https:\/\/pointdevue.pro\/#\/schema\/logo\/image\/"},"sameAs":["https:\/\/www.linkedin.com\/in\/eric-payan-9365041\/"]}]}},"jetpack_sharing_enabled":true,"_links":{"self":[{"href":"https:\/\/pointdevue.pro\/index.php\/wp-json\/wp\/v2\/pages\/26","targetHints":{"allow":["GET"]}}],"collection":[{"href":"https:\/\/pointdevue.pro\/index.php\/wp-json\/wp\/v2\/pages"}],"about":[{"href":"https:\/\/pointdevue.pro\/index.php\/wp-json\/wp\/v2\/types\/page"}],"author":[{"embeddable":true,"href":"https:\/\/pointdevue.pro\/index.php\/wp-json\/wp\/v2\/users\/2"}],"replies":[{"embeddable":true,"href":"https:\/\/pointdevue.pro\/index.php\/wp-json\/wp\/v2\/comments?post=26"}],"version-history":[{"count":20,"href":"https:\/\/pointdevue.pro\/index.php\/wp-json\/wp\/v2\/pages\/26\/revisions"}],"predecessor-version":[{"id":351,"href":"https:\/\/pointdevue.pro\/index.php\/wp-json\/wp\/v2\/pages\/26\/revisions\/351"}],"wp:attachment":[{"href":"https:\/\/pointdevue.pro\/index.php\/wp-json\/wp\/v2\/media?parent=26"}],"curies":[{"name":"wp","href":"https:\/\/api.w.org\/{rel}","templated":true}]}}